{"id":4804,"date":"2018-06-29T22:12:23","date_gmt":"2018-06-29T20:12:23","guid":{"rendered":"http:\/\/fernwehkinder.de\/?page_id=4804"},"modified":"2019-04-24T12:38:40","modified_gmt":"2019-04-24T10:38:40","slug":"lmc-vivo-520-k","status":"publish","type":"page","link":"http:\/\/fernwehkinder.de\/?page_id=4804","title":{"rendered":"LMC Vivo 520 K"},"content":{"rendered":"<p><img loading=\"lazy\" decoding=\"async\" class=\"size-medium wp-image-4837 alignright\" src=\"http:\/\/fernwehkinder.de\/wp-content\/uploads\/2018\/06\/P5200086-200x300.jpg\" alt=\"\" width=\"200\" height=\"300\" srcset=\"http:\/\/fernwehkinder.de\/wp-content\/uploads\/2018\/06\/P5200086-200x300.jpg 200w, http:\/\/fernwehkinder.de\/wp-content\/uploads\/2018\/06\/P5200086.jpg 400w\" sizes=\"auto, (max-width: 200px) 100vw, 200px\" \/>Der <a href=\"https:\/\/www.lmc-caravan.de\/de\/lmc-wohnwagen\/lmc-vivo\/lmc-vivo-520-k\">LMC Vivo 520 K<\/a> war im Mai\/Juni 2018 unser Zuhause, als wir f\u00fcr die dritte Auflage des Offa&#8217;s Dyke Path im Grenzland von England und Wales unterwegs waren.<\/p>\n<p>\u00dcber einige unserer Erlebnisse hatte ich ja auch berichtet: vom <a href=\"http:\/\/fernwehkinder.de\/?p=4723\">Abholen<\/a> in Sassenberg, von den <a href=\"http:\/\/fernwehkinder.de\/?p=4768\">Quartierwechseln<\/a> und vom <a href=\"http:\/\/fernwehkinder.de\/?p=4730\">Campingalltag<\/a>. Nun will ich euch unser fantastisches &#8222;Recherchemobil&#8220; vorstellen.<\/p>\n<h4>LMC Vivo 520 K<\/h4>\n<p>Der Name des Wohnwagen hat folgende Bedeutung:<\/p>\n<ul>\n<li><strong>LMC<\/strong> hei\u00dft die Herstellerfirma. Ausgeschrieben bedeutet das\u00a0<em>Lord M\u00fcnsterland Caravan<\/em><\/li>\n<li><strong>Vivo<\/strong> ist die Ausstattungsreihe. LMC produziert vier verschiedene: Style (Einsteigermodell), Vivo (f\u00fcrs wahre Leben), Musica (gehobene Ausstattung) und Maestro (die Luxusklasse)<\/li>\n<li><strong>520<\/strong> sagt etwas \u00fcber die L\u00e4nge aus. Aber nicht die Gesamtl\u00e4nge, die ich hinter dem Auto herziehe, sondern nur der nutzbare Wohnraum. 520 bedeutet wohl, dass irgendwas innen 520 cm lang ist &#8211; was auch immer, denn in den Unterlagen steht bei &#8222;Aufbaul\u00e4nge innen&#8220; 5920 mm. Naja, aber der Vivo 520 ist in jedem Fall l\u00e4nger als der Vivo 470 und k\u00fcrzer als der Vivo 735&#8230;<\/li>\n<li><strong>K<\/strong> steht f\u00fcr Kind und bedeutet, dass es ein Etagenbett im Wohnwagen gibt. Alternativ kann man D=Doppelbett und E=Einzelbetten haben.<\/li>\n<\/ul>\n<h4>Mein Res\u00fcmee:<\/h4>\n<p>Der\u00a0LMC Vivo 520 K hat uns die Recherche erheblich erleichtert und versch\u00f6nert. Wir mussten kein Gep\u00e4ck vom Auto ins Hotelzimmer und neu einrichten und wieder im Auto verstauen. Wir waren nicht auf starre Essenszeiten in Hotels angewiesen. Die Kinder hatten trotz einiger Standortwechsel immer ein &#8222;Zuhause-Gef\u00fchl&#8220;, denn innen im Wohnwagen blieb ja alles beim Alten.<\/p>\n<p><img loading=\"lazy\" decoding=\"async\" class=\"size-medium wp-image-4817 alignright\" src=\"http:\/\/fernwehkinder.de\/wp-content\/uploads\/2018\/06\/DSC_0938-300x200.jpg\" alt=\"\" width=\"300\" height=\"200\" srcset=\"http:\/\/fernwehkinder.de\/wp-content\/uploads\/2018\/06\/DSC_0938-300x200.jpg 300w, http:\/\/fernwehkinder.de\/wp-content\/uploads\/2018\/06\/DSC_0938-768x512.jpg 768w, http:\/\/fernwehkinder.de\/wp-content\/uploads\/2018\/06\/DSC_0938.jpg 800w\" sizes=\"auto, (max-width: 300px) 100vw, 300px\" \/>Bei meiner allerersten Reise als Wohnwagennutzerin ist mir aufgefallen:<\/p>\n<ol>\n<li>\u00a0Anh\u00e4nger\n<ol>\n<li>Der Caravan ist insgesamt 7284 mm lang. Wenn dann noch ein VW Transporter davor h\u00e4ngt, hat das Gespann Ausma\u00dfe, vor denen mir anfangs gruselte. Aber das Zugfahrzeug f\u00e4hrt sich weiterhin angenehm und der Anh\u00e4nger folgt ihm brav. Viel braver, als ich zuerst vermutete. Sehr angenehm!<\/li>\n<li>F\u00fcr eine Person allein ist er allerdings beim Schieben zu schwer, zumindest wenn sie nur so wenig Kraft in den Armen hat wie ich. Dass weder meine Mutter noch die Kinder dabei helfen konnten war mir von vorneherein klar. Ich setzte also darauf, dass vor Ort immer irgendjemand ist, den ich kurz um Hilfe bitten kann. Das war am Ende gar nicht n\u00f6tig, weil sowohl in der heimischen Einfahrt als auch auf den Campingpl\u00e4tzen immer sofort jemand hinzu sprang und half.<\/li>\n<li><img loading=\"lazy\" decoding=\"async\" class=\"size-medium wp-image-4868 alignright\" src=\"http:\/\/fernwehkinder.de\/wp-content\/uploads\/2018\/06\/20180520_120113-1024x768-1-300x225.jpg\" alt=\"\" width=\"300\" height=\"225\" srcset=\"http:\/\/fernwehkinder.de\/wp-content\/uploads\/2018\/06\/20180520_120113-1024x768-1-300x225.jpg 300w, http:\/\/fernwehkinder.de\/wp-content\/uploads\/2018\/06\/20180520_120113-1024x768-1-768x576.jpg 768w, http:\/\/fernwehkinder.de\/wp-content\/uploads\/2018\/06\/20180520_120113-1024x768-1.jpg 1024w\" sizes=\"auto, (max-width: 300px) 100vw, 300px\" \/>Er l\u00e4sst sich auf dem Campingplatz mit einer aufsetzbaren Kurbel so leicht auf die St\u00fctzen setzen, dass sogar meine kleine Technikerin Cari sich um diese Aufgabe k\u00fcmmern konnte und ich nur beim ersten und letzten Dreh pro St\u00fctze helfen musste.<\/li>\n<li>Angenehm war dabei auch, dass das St\u00fctzrad des Anh\u00e4ngers f\u00fcr diese Zwecke nicht komplett hochgekurbelt werden muss. Zur H\u00e4lfte kann es einfach hochgezogen werden, wenn man einen kleinen Hebel kurz l\u00f6st und wieder anzieht.<\/li>\n<li>Ich bin froh, dass ich vorher schon Gespann gefahren war &#8211; wenn dies nun auch schon mehr als ein Jahrzehnt zur\u00fcck liegt. So wusste ich immerhin, wie die Stromversorgung angesteckert wird und an welcher Stelle die Sicherung der Bremse am Auto befestigt wird. Das sch\u00fctzte mich aber nicht vor ziemlich d\u00e4mlichen Anf\u00e4ngerfehlern:<\/li>\n<li>Am Tag vor der Abreise suchte ich voller Sorge meine Vertragswerkstatt auf. Seit einigen Tagen ert\u00f6nte das Warnsignal der Sensoren beim R\u00fcckw\u00e4rtsfahren nicht nur, wenn wirklich ein Hindernis hinter dem Fahrzeug war, sondern dauerhaft. Mein erster Gedanke waren verschmutzte R\u00fcckfahrsensoren, doch der Ton erklang auch nach dem spontanen Reinigen der Sensoren mit Babyfeuchtt\u00fcchern und nach der Fahrt durch die Waschstra\u00dfe. Also musste aus meiner Laiensicht ein Defekt vorliegen. In der Werkstatt nahm man meine Angaben auf. Nach anderthalb Stunden des Wartens und drei Tassen starken Kaffees ging der erste freie Werkstattmeister mit mir zum Fahrzeug. Seine Diagnose lautete: &#8222;Sie haben die Anh\u00e4ngerkupplung noch nicht sehr lange!&#8220; und seine Therapie bestand in einer l\u00e4ssigen Drehung der Schutzkappe auf der Anh\u00e4ngerkupplung um etwa 5 Grad. Und siehe da: Der Alarmton war weg! Zu meiner Beruhigung und Belustigung erkl\u00e4rte er mir, dass nach seinem Gef\u00fchl mehr als 90 Prozent aller Fahrzeugbesitzer, die erstmals mit R\u00fcckfahrsensoren und Anh\u00e4ngerkupplung nebst Schutzkappe unterwegs sind, mit diesem Problem zu ihm in die Werkstatt kommen. Der Laie kann sich gar nicht vorstellen, dass eine auch nur minimal verdrehte Kappe schon in den Messbereich der Sensoren ragen k\u00f6nnte&#8230;<\/li>\n<li>Noch d\u00e4mlicher ist es, wenn man meint, dem Anf\u00e4ngerstatus entwachsen zu sein: Nachdem beim Fahren und Campen alles viel leichter lief, als ich erwartet hatte, ging ich bei den Abreisevorbereitungen auf dem zweiten Campingplatz davon aus, dass ich schon routiniert bin. Die Kinder sa\u00dfen schon im Zugfahrzeug, ich kurbelte fr\u00f6hlich die St\u00fctzen hoch. Erst eine, dann die zweite und dritte, alles ganz easy. Doch bei der vierten bemerkte ich, dass Bewegung in den Wohnwagen kam. Kontrollblick &#8211; Bremse war gezogen. Also weiter kurbeln. Stopp! Der Wohnwagen senkte sich bei jeder Drehung an der Kurbel. Die Kinder feixten von der R\u00fcckbank aus. Ich erbat mir Ruhe und stand mit der Kurbel in der Hand ratlos vor dem Wohnwagen. Beim ersten &#8222;Aber Mama&#8230;&#8220; reagierte ich so barsch, dass das Kind verstummte. Aber die M\u00e4use gaben nicht auf. Sie tuschelten und riefen gemeinsam &#8222;Das Rad!&#8220; &#8211; gerade in der Sekunde, in der mir auch aufgefallen war, dass es nur dann ratsam ist, alle vier St\u00fctzen hochzukurbeln, wenn der Wohnwagen entweder auf dem St\u00fctzrad steht oder schon am Zugfahrzeug h\u00e4ngt! Ist das an Peinlichkeit noch zu \u00fcberbieten? Meine drei Assistentinnen nahmen meine sofortige Entschuldigung zum Gl\u00fcck ohne Groll an &#8211; und das Entschuldigungs-Eis nat\u00fcrlich sowieso.<\/li>\n<\/ol>\n<\/li>\n<li>Au\u00dfen\n<ol>\n<li>Viel Stauraum \u2013 wenn man nicht einen davon komplett mit einem Fahrrad blockiert.<\/li>\n<li>Hinten befindet sich n\u00e4mlich eine Klappe, in der man ein ganzes Fahrrad transportieren kann, wenn man das unter Etagenbett hochklappt. Sehr praktisch!<\/li>\n<li>Uns fehlte n\u00e4mlich eindeutig ein Fahrradtr\u00e4ger. Das immer wieder n\u00f6tige Ein- und Ausladen fiel mir sehr l\u00e4stig. Der l\u00e4sst sich aber sicherlich nachr\u00fcsten, wenn man einen solchen Wohnwagen nicht nur ausleiht, sondern kauft.<\/li>\n<li>Die Gasflaschen sind von au\u00dfen zug\u00e4nglich. Das gef\u00e4llt mir viel besser als bei dem <a href=\"http:\/\/fernwehkinder.de\/?page_id=3953\">Wohnmobil<\/a>, das wir vor zweieinhalb Jahren hatten.<\/li>\n<li>Das Au\u00dfenlicht \u00fcber der T\u00fcr ist sehr praktisch auf dunklen Stellpl\u00e4tzen.<\/li>\n<\/ol>\n<\/li>\n<li>\u00a0Technik\n<ol>\n<li>Viel Licht, zweckm\u00e4\u00dfig verteilt. Direktes Licht von der Decke, aber auch indirektes Licht und Lesespots.<\/li>\n<li><img loading=\"lazy\" decoding=\"async\" class=\"size-medium wp-image-4811 alignright\" src=\"http:\/\/fernwehkinder.de\/wp-content\/uploads\/2018\/06\/DSC_0968-300x200.jpg\" alt=\"\" width=\"300\" height=\"200\" srcset=\"http:\/\/fernwehkinder.de\/wp-content\/uploads\/2018\/06\/DSC_0968-300x200.jpg 300w, http:\/\/fernwehkinder.de\/wp-content\/uploads\/2018\/06\/DSC_0968-768x512.jpg 768w, http:\/\/fernwehkinder.de\/wp-content\/uploads\/2018\/06\/DSC_0968.jpg 800w\" sizes=\"auto, (max-width: 300px) 100vw, 300px\" \/>Es gibt sogar zwei USB-Steckdosen direkt am Tisch, perfekt f\u00fcr Smartphones, Tablets und Kameras!<\/li>\n<li>Strom und Wasser lassen sich leicht von au\u00dfen einspeisen. Die F\u00fcllstandsanzeige f\u00fcr den Wassertank gibt realistische Werte wieder.<\/li>\n<li>Die Heizung war selbst nachts im zugigen Hafengebiet stark genug. Sie l\u00e4sst sich stufenlos regeln, wir kamen sind selbst in verfrorenen Momenten mit Stufe 2 aus (insgesamt m\u00f6glich: 1-2-3-4).<\/li>\n<li>Wenn ich mir vor oder w\u00e4hrend der Reise die Zeit genommen h\u00e4tte, die Bedienungsanleitung durchzulesen, h\u00e4tte ich sicherlich auch verstanden, wie sich das Heizungsgebl\u00e4se einstellen l\u00e4sst. Auf diese Weise war es am Etagenbett immer etwas w\u00e4rmer als am Doppelbett, das war aber vollkommen in Ordnung, weil meine Mutter mehr fror als wir.<\/li>\n<li>Wenn ich mir einen Wohnwagen kaufen w\u00fcrde, h\u00e4tte er eine Heizung, die sowohl mit Gas, als auch mit Strom l\u00e4uft. Gibt es so etwas auf dem deutschen Markt? Strom bekomme ich ja an vielen Camping- und Stellpl\u00e4tzen zu einem Pauschalpreis und ich m\u00fcsste so f\u00fcr die jeweilige Heiznacht nicht extra zahlen.<\/li>\n<li>Zwischenzeitlich habe ich \u00fcber einen Spannungswandler nachgedacht, um die Akkus f\u00fcr mein GPS und die Tablets der Kinder zu laden. Wir haben uns dann mit gekauften Batterien, dem Ladekabel des Navis und l\u00e4ngeren Restaurantbesuchen in der N\u00e4he einer Steckdose beholfen.<\/li>\n<\/ol>\n<\/li>\n<li>\u00a0Wohnen\n<ol>\n<li><img loading=\"lazy\" decoding=\"async\" class=\"size-medium wp-image-4833 alignright\" src=\"http:\/\/fernwehkinder.de\/wp-content\/uploads\/2018\/06\/DSC_0962-300x200.jpg\" alt=\"\" width=\"300\" height=\"200\" srcset=\"http:\/\/fernwehkinder.de\/wp-content\/uploads\/2018\/06\/DSC_0962-300x200.jpg 300w, http:\/\/fernwehkinder.de\/wp-content\/uploads\/2018\/06\/DSC_0962-768x512.jpg 768w, http:\/\/fernwehkinder.de\/wp-content\/uploads\/2018\/06\/DSC_0962.jpg 800w\" sizes=\"auto, (max-width: 300px) 100vw, 300px\" \/>Viel Stauraum, vor Allem unter den Sitzen. Besonders praktisch ist dieses kleine &#8222;M\u00e4uerchen&#8220; zwischen Esstisch und Doppelbett, bei dem man den Deckel aufklappen kann. Darunter befinden sich F\u00e4cher f\u00fcr mindestens sechs gro\u00dfe (1,5 l) Flaschen Getr\u00e4nk, die umkippsicher transportiert und gelagert werden k\u00f6nnen.<\/li>\n<li>Die Spaltma\u00dfe sind zu gro\u00df f\u00fcr ungeschickte Menschen wie uns: einer unserer Akkus f\u00fcr das GPS verschwand auf Nimmerwiedersehen in einem Ritz, nachdem er vom Tisch gerollt war.<\/li>\n<li>Das Tischbein l\u00e4sst sich auf halbe L\u00e4nge klappen, damit man den Tisch absenken und zu einem Bett umbauen kann. Der Klappmechanismus geht ziemlich schwer. In der vollen L\u00e4nge wirkt es etwas wackelig, wenn man sich auf den Tisch aufst\u00fctzt.<\/li>\n<li><img loading=\"lazy\" decoding=\"async\" class=\"size-medium wp-image-4820 alignright\" src=\"http:\/\/fernwehkinder.de\/wp-content\/uploads\/2018\/06\/DSC_0948-200x300.jpg\" alt=\"\" width=\"200\" height=\"300\" srcset=\"http:\/\/fernwehkinder.de\/wp-content\/uploads\/2018\/06\/DSC_0948-200x300.jpg 200w, http:\/\/fernwehkinder.de\/wp-content\/uploads\/2018\/06\/DSC_0948.jpg 400w\" sizes=\"auto, (max-width: 200px) 100vw, 200px\" \/>Der M\u00fclleimer macht mir nicht den robustesten Eindruck. W\u00fcrde ich diesen Wohnwagen kaufen, k\u00f6nnte ich sicher sein, dass dies eines der ersten Teile w\u00e4re, die ich nachbestellen m\u00fcsste.<\/li>\n<li>Die Kleiderhaken direkt neben der T\u00fcr k\u00f6nnten etwas tiefer im Raum montiert sein. Bei jedem Schlie\u00dfen der T\u00fcr haben wir die vordere Jacke eingeklemmt. Aber es gab ja noch drei weitere Kleiderhaken &#8222;um die Ecke&#8220;, also ausreichend Platz f\u00fcr die Jacken von f\u00fcnf Personen.<\/li>\n<\/ol>\n<\/li>\n<li>\u00a0Kochen\n<ol>\n<li>Viel Stauraum. \u00dcber dem Herd gibt es mit Klappen verschlossene H\u00e4ngeschr\u00e4nke, unter dem Herd befinden sich weitere Schr\u00e4nke mit T\u00fcren und mit Schubladen.<\/li>\n<li>Die Schubladen sind zu gro\u00df und zu schwer f\u00fcr die daran montierten Schl\u00f6sser. Man dr\u00fcckt ja einen Knopf, mit dem die Schublade verriegelt wird, damit sie sich w\u00e4hrend der Fahrt nicht \u00f6ffnet. Das kannte ich zwar schon aus Wohnmobilen, aber achtete zusammen mit dem Mitarbeiter, von dem ich den Wohnwagen \u00fcbernahm, ganz genau darauf, dass alle Schr\u00e4nke und Schubladen nicht nur verschlossen, sondern auch verriegelt waren. Schon auf der Fahrt aus dem M\u00fcnsterland nach H\u00fcrth sprang aber die mittlere Schublade aus der Halterung, fiel auf den Boden und lie\u00df sich danach nicht mehr nutzen. Denn wenn ein Schloss schon eine leere Schublade nicht h\u00e4lt, brauchen wir diese auch gar nicht mehr f\u00fcllen. Unterwegs erfuhr ich von einem niederl\u00e4ndischen Camper, dass das ein allseits bekanntes Problem bei den meisten Fabrikaten ist. Als Eigent\u00fcmer versetzt man dann das Schloss etwas nach oben. Ist der Wohnwagen gemietet oder geliehen, schaut man so bedr\u00f6ppelt wie wir aus der W\u00e4sche und spart auf einen eigenen.<\/li>\n<li><img loading=\"lazy\" decoding=\"async\" class=\"size-medium wp-image-4814 alignright\" src=\"http:\/\/fernwehkinder.de\/wp-content\/uploads\/2018\/06\/DSC_0967-300x200.jpg\" alt=\"\" width=\"300\" height=\"200\" srcset=\"http:\/\/fernwehkinder.de\/wp-content\/uploads\/2018\/06\/DSC_0967-300x200.jpg 300w, http:\/\/fernwehkinder.de\/wp-content\/uploads\/2018\/06\/DSC_0967-768x512.jpg 768w, http:\/\/fernwehkinder.de\/wp-content\/uploads\/2018\/06\/DSC_0967.jpg 800w\" sizes=\"auto, (max-width: 300px) 100vw, 300px\" \/>Drei Flammen am Gasherd! Super! Das bescherte uns manch ein leckeres Mittag- und Abendessen. Mit hei\u00dfem Wasser f\u00fcr frischem Kaffee oder Tee, versteht sich!<\/li>\n<li>Ohne externen Strom nicht einmal den Piezo-Z\u00fcnder am Herd bedienen. Gut, dass ich das noch vom Wohnmobil in Erinnerung hatte und wir Streichh\u00f6lzer plus Stabfeuerzeug eingepackt hatten.<\/li>\n<li>Der K\u00fchlschrank ist riesig und l\u00e4dt richtiggehend zum Selberkochen ein.<\/li>\n<li>Irgendwie verstehe ich nicht, warum der K\u00fchlschrank nur mit Strom aus der Campingplatzsteckdose l\u00e4uft, nicht aber w\u00e4hrend der Fahrt aus dem Kabel gespeist wird, das Blinker, Bremslichter &amp; Co. speist. Lag es an meiner Anh\u00e4ngerkupplung, an dem K\u00fchlschrank oder an fehlendem technischem Verst\u00e4ndnis?<\/li>\n<li>Die Sp\u00fcle ist gro\u00df genug f\u00fcr das t\u00e4gliche Sp\u00fclen und das Wasser l\u00e4uft sogar ab, wenn der Wagen nicht ganz genau in der Waage steht.<\/li>\n<li>Wie wahrscheinlich bei den meisten Wohnwagen, ist die Arbeitsfl\u00e4che sehr knapp bemessen. Wir waren also gezwungen, in diesem Bereich immer aufzur\u00e4umen, damit wir die Glasplatten auf die Sp\u00fcle und den Herd senken konnten, wenn wir mehr Platz f\u00fcr Schneidebrett &amp; Co. ben\u00f6tigten.<\/li>\n<\/ol>\n<\/li>\n<li>\u00a0K\u00f6rperpflege\n<ol>\n<li><img loading=\"lazy\" decoding=\"async\" class=\"size-medium wp-image-4846 alignright\" src=\"http:\/\/fernwehkinder.de\/wp-content\/uploads\/2018\/06\/DSC_0964-300x200.jpg\" alt=\"\" width=\"300\" height=\"200\" srcset=\"http:\/\/fernwehkinder.de\/wp-content\/uploads\/2018\/06\/DSC_0964-300x200.jpg 300w, http:\/\/fernwehkinder.de\/wp-content\/uploads\/2018\/06\/DSC_0964-768x512.jpg 768w, http:\/\/fernwehkinder.de\/wp-content\/uploads\/2018\/06\/DSC_0964.jpg 800w\" sizes=\"auto, (max-width: 300px) 100vw, 300px\" \/>Wir haben die Toilette und das Waschbecken gerne benutzt. Nele ist ja noch nicht soooo lange aus den Windeln, da w\u00e4re an manch einem Tag der Weg zu den Sanit\u00e4ranlagen auf dem Campingplatz zu lang geworden.<\/li>\n<li>Meine Nase und ich finden es sehr angenehm, dass WC und Waschbecken voneinander getrennt sind.<\/li>\n<li>Im WC-Raum ist herrlich viel Platz f\u00fcr alle Badezimmerutensilien. Ganz wichtig f\u00fcr uns: Eines der F\u00e4cher war so hoch, dass die Minim\u00e4use nicht einmal herankamen, wenn sie auf den Toilettendeckel kletterten. Genau hier war also der ideale Ort f\u00fcr die starken Medikamente meiner Mutter, die keinesfalls in die H\u00e4nde von Kleinkindern fallen sollten.<\/li>\n<li>Es gibt sogar einen kleinen W\u00e4schetrockner, auf dem bei uns stets und st\u00e4ndig Handt\u00fccher, Trockent\u00fccher und Kinderw\u00e4sche hingen.<\/li>\n<li>D<img loading=\"lazy\" decoding=\"async\" class=\"size-medium wp-image-4815 alignright\" src=\"http:\/\/fernwehkinder.de\/wp-content\/uploads\/2018\/06\/DSC_0965-200x300.jpg\" alt=\"\" width=\"200\" height=\"300\" srcset=\"http:\/\/fernwehkinder.de\/wp-content\/uploads\/2018\/06\/DSC_0965-200x300.jpg 200w, http:\/\/fernwehkinder.de\/wp-content\/uploads\/2018\/06\/DSC_0965.jpg 400w\" sizes=\"auto, (max-width: 200px) 100vw, 200px\" \/>ie Entsorgung des Inhalts der Thetford-Toilette war unkompliziert. Sie l\u00e4sst sich leicht entnehmen und reinigen. Nicht einmal tragen musste ich sie, denn sie hat Rollen und einen Teleskopgriff. Ich konnte sie also hinter mir herziehen wie ein Bordcase. Einziger Kritikpunkt daran: wenn die Stangen noch eine Spur l\u00e4nger w\u00e4ren, k\u00f6nnten Menschen \u00fcber 1,70 m etwas aufrechter gehen.<\/li>\n<li>Leider konnten wir uns auf die F\u00fcllstandsanzeige am WC nicht verlassen. Dass das Licht funktioniert, dies hatte es vor der ersten Leerung unter Beweis gestellt. Laut Bedienungsanleitung sind noch etwa drei Gesch\u00e4fte m\u00f6glich, wenn es leuchtet. Danach hatte das Lichtlein nicht viel zu tun, weil ich einfach jeden dritten Tag oder vor dem Quartierwechsel leerte. Nat\u00fcrlich hatte ich die Kinder\u00a0 gebeten, mir sofort zu sagen, wenn das rote Licht angeht. Trotzdem passierte es auf dem letzten Campingplatz, dass die (grade erst morgens geleerte) Toilettenkassette \u00fcberlief, weil Nele aus Spa\u00df immer wieder die Sp\u00fclung bet\u00e4tigte, bis der Frischwassertank leer war. Obwohl der Tank voll war und das Wasser unten schon in die Notauffangmulden lief, zeigte sich oben kein rotes Licht. Hach, ihr k\u00f6nnt euch gar nicht vorstellen, wie froh ich war, dass es nur Wasser war&#8230;<\/li>\n<\/ol>\n<\/li>\n<li>\u00a0Schlafen\n<ol>\n<li><img loading=\"lazy\" decoding=\"async\" class=\"size-medium wp-image-4839 alignright\" src=\"http:\/\/fernwehkinder.de\/wp-content\/uploads\/2018\/06\/DSC_1194-300x200.jpg\" alt=\"\" width=\"300\" height=\"200\" srcset=\"http:\/\/fernwehkinder.de\/wp-content\/uploads\/2018\/06\/DSC_1194-300x200.jpg 300w, http:\/\/fernwehkinder.de\/wp-content\/uploads\/2018\/06\/DSC_1194-768x512.jpg 768w, http:\/\/fernwehkinder.de\/wp-content\/uploads\/2018\/06\/DSC_1194.jpg 800w\" sizes=\"auto, (max-width: 300px) 100vw, 300px\" \/>Das Doppelbett ist ganz gem\u00fctlich in eine Ecke gebaut worden, wir richteten uns ein kuscheliges Tr\u00e4umchen dort ein.<\/li>\n<li>Viel Stauraum, sogar Extraf\u00e4cher f\u00fcr Brillen und Smartphones am Doppelbett.<\/li>\n<li>Die H\u00f6he des Doppelbettes war f\u00fcr uns auch ideal zum Wickeln.<\/li>\n<li>Das Doppelbett ist breit genug f\u00fcr einen Erwachsenen und zwei Kinder, selbst wenn es unruhige Schl\u00e4fer sind.<\/li>\n<li>Das Etagenbett ist platzsparend und ideal f\u00fcr Familien mit Kindern. Von oben hat das Kind eine prima Aussicht, der Absturzschutz ist aber hoch genug um wirklich sicher zu sein. Das untere Bett l\u00e4sst sich hochklappen, darunter befindet sich weiterer Stauraum. Oder man l\u00e4sst es hochgeklappt, wenn man sperrige Singe transportieren will, z.B. ein Fahrrad.<\/li>\n<li>Die Leiter zum oberen Etagenbett ist nur mit drei winzigen Schrauben\/N\u00e4geln befestigt. Sie war sehr entgegenkommend, als Aurelia das erste Mal hinaufsteigen wollte. Leider hat sie sich dabei zwischen Leiter und Bett einen Finger gequetscht und wollte nicht mehr oben schlafen. Sie nahm das obere Bett w\u00e4hrend der gesamten Reise als Ablage f\u00fcr Ihre pers\u00f6nliche Habe, benutzte die Leiter aber nur noch, wenn ich sie festhielt.<\/li>\n<li>Also schlief sie entweder bei Oma im unteren Etagenbett oder bei uns im Doppelbett. Das war dann etwas enger, als uns eigentlich lieb war, aber brachte immer noch erholsamen Schlaf. Denn die Bettroste und Matratzen entsprechen genau unseren Schlafbed\u00fcrfnissen.<\/li>\n<\/ol>\n<\/li>\n<\/ol>\n<p>Danke, liebes LMC-Team! Ihr habt uns endg\u00fcltig zu bekennenden Campern gemacht.<\/p>\n<p>Und hier noch einige weitere Fotos:<\/p>\n<p><img loading=\"lazy\" decoding=\"async\" class=\"alignnone size-medium wp-image-4813\" src=\"http:\/\/fernwehkinder.de\/wp-content\/uploads\/2018\/06\/P5120002-300x200.jpg\" alt=\"\" width=\"300\" height=\"200\" srcset=\"http:\/\/fernwehkinder.de\/wp-content\/uploads\/2018\/06\/P5120002-300x200.jpg 300w, http:\/\/fernwehkinder.de\/wp-content\/uploads\/2018\/06\/P5120002-768x512.jpg 768w, http:\/\/fernwehkinder.de\/wp-content\/uploads\/2018\/06\/P5120002.jpg 800w\" sizes=\"auto, (max-width: 300px) 100vw, 300px\" \/> <img loading=\"lazy\" decoding=\"async\" class=\"alignnone size-medium wp-image-4812\" src=\"http:\/\/fernwehkinder.de\/wp-content\/uploads\/2018\/06\/P5120001-300x200.jpg\" alt=\"\" width=\"300\" height=\"200\" srcset=\"http:\/\/fernwehkinder.de\/wp-content\/uploads\/2018\/06\/P5120001-300x200.jpg 300w, http:\/\/fernwehkinder.de\/wp-content\/uploads\/2018\/06\/P5120001-768x512.jpg 768w, http:\/\/fernwehkinder.de\/wp-content\/uploads\/2018\/06\/P5120001.jpg 800w\" sizes=\"auto, (max-width: 300px) 100vw, 300px\" \/> <img loading=\"lazy\" decoding=\"async\" class=\"alignnone size-medium wp-image-4816\" src=\"http:\/\/fernwehkinder.de\/wp-content\/uploads\/2018\/06\/DSC_0931-300x200.jpg\" alt=\"\" width=\"300\" height=\"200\" srcset=\"http:\/\/fernwehkinder.de\/wp-content\/uploads\/2018\/06\/DSC_0931-300x200.jpg 300w, http:\/\/fernwehkinder.de\/wp-content\/uploads\/2018\/06\/DSC_0931-768x512.jpg 768w, http:\/\/fernwehkinder.de\/wp-content\/uploads\/2018\/06\/DSC_0931.jpg 800w\" sizes=\"auto, (max-width: 300px) 100vw, 300px\" \/> <img loading=\"lazy\" decoding=\"async\" class=\"alignnone size-medium wp-image-4821\" src=\"http:\/\/fernwehkinder.de\/wp-content\/uploads\/2018\/06\/DSC_0949-300x200.jpg\" alt=\"\" width=\"300\" height=\"200\" srcset=\"http:\/\/fernwehkinder.de\/wp-content\/uploads\/2018\/06\/DSC_0949-300x200.jpg 300w, http:\/\/fernwehkinder.de\/wp-content\/uploads\/2018\/06\/DSC_0949-768x512.jpg 768w, http:\/\/fernwehkinder.de\/wp-content\/uploads\/2018\/06\/DSC_0949.jpg 800w\" sizes=\"auto, (max-width: 300px) 100vw, 300px\" \/> <img loading=\"lazy\" decoding=\"async\" class=\"alignnone size-medium wp-image-4823\" src=\"http:\/\/fernwehkinder.de\/wp-content\/uploads\/2018\/06\/DSC_0951-300x200.jpg\" alt=\"\" width=\"300\" height=\"200\" srcset=\"http:\/\/fernwehkinder.de\/wp-content\/uploads\/2018\/06\/DSC_0951-300x200.jpg 300w, http:\/\/fernwehkinder.de\/wp-content\/uploads\/2018\/06\/DSC_0951-768x512.jpg 768w, http:\/\/fernwehkinder.de\/wp-content\/uploads\/2018\/06\/DSC_0951.jpg 800w\" sizes=\"auto, (max-width: 300px) 100vw, 300px\" \/> <img loading=\"lazy\" decoding=\"async\" class=\"alignnone size-medium wp-image-4824\" src=\"http:\/\/fernwehkinder.de\/wp-content\/uploads\/2018\/06\/DSC_0952-300x200.jpg\" alt=\"\" width=\"300\" height=\"200\" srcset=\"http:\/\/fernwehkinder.de\/wp-content\/uploads\/2018\/06\/DSC_0952-300x200.jpg 300w, http:\/\/fernwehkinder.de\/wp-content\/uploads\/2018\/06\/DSC_0952-768x512.jpg 768w, http:\/\/fernwehkinder.de\/wp-content\/uploads\/2018\/06\/DSC_0952.jpg 800w\" sizes=\"auto, (max-width: 300px) 100vw, 300px\" \/> <img loading=\"lazy\" decoding=\"async\" class=\"alignnone size-medium wp-image-4825\" src=\"http:\/\/fernwehkinder.de\/wp-content\/uploads\/2018\/06\/DSC_0953-300x200.jpg\" alt=\"\" width=\"300\" height=\"200\" srcset=\"http:\/\/fernwehkinder.de\/wp-content\/uploads\/2018\/06\/DSC_0953-300x200.jpg 300w, http:\/\/fernwehkinder.de\/wp-content\/uploads\/2018\/06\/DSC_0953-768x512.jpg 768w, http:\/\/fernwehkinder.de\/wp-content\/uploads\/2018\/06\/DSC_0953.jpg 800w\" sizes=\"auto, (max-width: 300px) 100vw, 300px\" \/> <img loading=\"lazy\" decoding=\"async\" class=\"alignnone size-medium wp-image-4827\" src=\"http:\/\/fernwehkinder.de\/wp-content\/uploads\/2018\/06\/DSC_0955-300x200.jpg\" alt=\"\" width=\"300\" height=\"200\" srcset=\"http:\/\/fernwehkinder.de\/wp-content\/uploads\/2018\/06\/DSC_0955-300x200.jpg 300w, http:\/\/fernwehkinder.de\/wp-content\/uploads\/2018\/06\/DSC_0955-768x512.jpg 768w, http:\/\/fernwehkinder.de\/wp-content\/uploads\/2018\/06\/DSC_0955.jpg 800w\" sizes=\"auto, (max-width: 300px) 100vw, 300px\" \/> <img loading=\"lazy\" decoding=\"async\" class=\"alignnone size-medium wp-image-4834\" src=\"http:\/\/fernwehkinder.de\/wp-content\/uploads\/2018\/06\/DSC_0963-300x200.jpg\" alt=\"\" width=\"300\" height=\"200\" srcset=\"http:\/\/fernwehkinder.de\/wp-content\/uploads\/2018\/06\/DSC_0963-300x200.jpg 300w, http:\/\/fernwehkinder.de\/wp-content\/uploads\/2018\/06\/DSC_0963-768x512.jpg 768w, http:\/\/fernwehkinder.de\/wp-content\/uploads\/2018\/06\/DSC_0963.jpg 800w\" sizes=\"auto, (max-width: 300px) 100vw, 300px\" \/> <img loading=\"lazy\" decoding=\"async\" class=\"alignnone size-medium wp-image-4832\" src=\"http:\/\/fernwehkinder.de\/wp-content\/uploads\/2018\/06\/DSC_0961-300x200.jpg\" alt=\"\" width=\"300\" height=\"200\" srcset=\"http:\/\/fernwehkinder.de\/wp-content\/uploads\/2018\/06\/DSC_0961-300x200.jpg 300w, http:\/\/fernwehkinder.de\/wp-content\/uploads\/2018\/06\/DSC_0961-768x512.jpg 768w, http:\/\/fernwehkinder.de\/wp-content\/uploads\/2018\/06\/DSC_0961.jpg 800w\" sizes=\"auto, (max-width: 300px) 100vw, 300px\" \/> <img loading=\"lazy\" decoding=\"async\" class=\"alignnone size-medium wp-image-4831\" src=\"http:\/\/fernwehkinder.de\/wp-content\/uploads\/2018\/06\/DSC_0960-300x200.jpg\" alt=\"\" width=\"300\" height=\"200\" srcset=\"http:\/\/fernwehkinder.de\/wp-content\/uploads\/2018\/06\/DSC_0960-300x200.jpg 300w, http:\/\/fernwehkinder.de\/wp-content\/uploads\/2018\/06\/DSC_0960-768x512.jpg 768w, http:\/\/fernwehkinder.de\/wp-content\/uploads\/2018\/06\/DSC_0960.jpg 800w\" sizes=\"auto, (max-width: 300px) 100vw, 300px\" \/> <img loading=\"lazy\" decoding=\"async\" class=\"alignnone size-medium wp-image-4847\" src=\"http:\/\/fernwehkinder.de\/wp-content\/uploads\/2018\/06\/DSC_0971-300x200.jpg\" alt=\"\" width=\"300\" height=\"200\" srcset=\"http:\/\/fernwehkinder.de\/wp-content\/uploads\/2018\/06\/DSC_0971-300x200.jpg 300w, http:\/\/fernwehkinder.de\/wp-content\/uploads\/2018\/06\/DSC_0971-768x512.jpg 768w, http:\/\/fernwehkinder.de\/wp-content\/uploads\/2018\/06\/DSC_0971.jpg 800w\" sizes=\"auto, (max-width: 300px) 100vw, 300px\" \/><\/p>\n<p><img loading=\"lazy\" decoding=\"async\" class=\"alignnone size-medium wp-image-4835\" src=\"http:\/\/fernwehkinder.de\/wp-content\/uploads\/2018\/06\/P5200087-200x300.jpg\" alt=\"\" width=\"200\" height=\"300\" srcset=\"http:\/\/fernwehkinder.de\/wp-content\/uploads\/2018\/06\/P5200087-200x300.jpg 200w, http:\/\/fernwehkinder.de\/wp-content\/uploads\/2018\/06\/P5200087.jpg 400w\" sizes=\"auto, (max-width: 200px) 100vw, 200px\" \/> <img loading=\"lazy\" decoding=\"async\" class=\"alignnone size-medium wp-image-4830\" src=\"http:\/\/fernwehkinder.de\/wp-content\/uploads\/2018\/06\/DSC_0958-200x300.jpg\" alt=\"\" width=\"200\" height=\"300\" srcset=\"http:\/\/fernwehkinder.de\/wp-content\/uploads\/2018\/06\/DSC_0958-200x300.jpg 200w, http:\/\/fernwehkinder.de\/wp-content\/uploads\/2018\/06\/DSC_0958.jpg 400w\" sizes=\"auto, (max-width: 200px) 100vw, 200px\" \/>\u00a0<img loading=\"lazy\" decoding=\"async\" class=\"alignnone size-medium wp-image-4819\" src=\"http:\/\/fernwehkinder.de\/wp-content\/uploads\/2018\/06\/DSC_0947-200x300.jpg\" alt=\"\" width=\"200\" height=\"300\" srcset=\"http:\/\/fernwehkinder.de\/wp-content\/uploads\/2018\/06\/DSC_0947-200x300.jpg 200w, http:\/\/fernwehkinder.de\/wp-content\/uploads\/2018\/06\/DSC_0947.jpg 400w\" sizes=\"auto, (max-width: 200px) 100vw, 200px\" \/> <img loading=\"lazy\" decoding=\"async\" class=\"alignnone size-medium wp-image-4822\" src=\"http:\/\/fernwehkinder.de\/wp-content\/uploads\/2018\/06\/DSC_0950-200x300.jpg\" alt=\"\" width=\"200\" height=\"300\" srcset=\"http:\/\/fernwehkinder.de\/wp-content\/uploads\/2018\/06\/DSC_0950-200x300.jpg 200w, http:\/\/fernwehkinder.de\/wp-content\/uploads\/2018\/06\/DSC_0950.jpg 400w\" sizes=\"auto, (max-width: 200px) 100vw, 200px\" \/><\/p>\n<div class=\"mceTemp\"><\/div>\n<hr \/>\n<p>LMC hat uns den Wohnwagen unentgeltlich als Pressefahrzeug zur Verf\u00fcgung gestellt.<\/p>\n<hr \/>\n<p>Stand: Juni 2018<\/p>\n","protected":false},"excerpt":{"rendered":"<p>Der LMC Vivo 520 K war im Mai\/Juni 2018 unser Zuhause, als wir f\u00fcr die dritte Auflage des Offa&#8217;s Dyke Path im Grenzland&#8230;<\/p>\n","protected":false},"author":1,"featured_media":4868,"parent":498,"menu_order":0,"comment_status":"closed","ping_status":"closed","template":"","meta":{"jetpack_post_was_ever_published":false,"footnotes":""},"class_list":["post-4804","page","type-page","status-publish","has-post-thumbnail","hentry"],"jetpack_sharing_enabled":true,"jetpack-related-posts":[],"jetpack_likes_enabled":true,"_links":{"self":[{"href":"http:\/\/fernwehkinder.de\/index.php?rest_route=\/wp\/v2\/pages\/4804","targetHints":{"allow":["GET"]}}],"collection":[{"href":"http:\/\/fernwehkinder.de\/index.php?rest_route=\/wp\/v2\/pages"}],"about":[{"href":"http:\/\/fernwehkinder.de\/index.php?rest_route=\/wp\/v2\/types\/page"}],"author":[{"embeddable":true,"href":"http:\/\/fernwehkinder.de\/index.php?rest_route=\/wp\/v2\/users\/1"}],"replies":[{"embeddable":true,"href":"http:\/\/fernwehkinder.de\/index.php?rest_route=%2Fwp%2Fv2%2Fcomments&post=4804"}],"version-history":[{"count":0,"href":"http:\/\/fernwehkinder.de\/index.php?rest_route=\/wp\/v2\/pages\/4804\/revisions"}],"up":[{"embeddable":true,"href":"http:\/\/fernwehkinder.de\/index.php?rest_route=\/wp\/v2\/pages\/498"}],"wp:featuredmedia":[{"embeddable":true,"href":"http:\/\/fernwehkinder.de\/index.php?rest_route=\/wp\/v2\/media\/4868"}],"wp:attachment":[{"href":"http:\/\/fernwehkinder.de\/index.php?rest_route=%2Fwp%2Fv2%2Fmedia&parent=4804"}],"curies":[{"name":"wp","href":"https:\/\/api.w.org\/{rel}","templated":true}]}}