{"id":751,"date":"2016-08-26T17:30:47","date_gmt":"2016-08-26T15:30:47","guid":{"rendered":"http:\/\/fernwehkinder.de\/?page_id=751"},"modified":"2026-03-28T16:33:09","modified_gmt":"2026-03-28T15:33:09","slug":"buecher","status":"publish","type":"page","link":"https:\/\/fernwehkinder.de\/?page_id=751","title":{"rendered":"B\u00fccher"},"content":{"rendered":"<div class=\"wp-block-image is-style-rounded\">\n<figure class=\"alignright\"><img loading=\"lazy\" decoding=\"async\" width=\"225\" height=\"300\" src=\"http:\/\/fernwehkinder.de\/wp-content\/uploads\/2016\/08\/big_27194889_0_576-768-225x300.jpg\" alt=\"big_27194889_0_576-768\" class=\"wp-image-799\" srcset=\"https:\/\/fernwehkinder.de\/wp-content\/uploads\/2016\/08\/big_27194889_0_576-768-225x300.jpg 225w, https:\/\/fernwehkinder.de\/wp-content\/uploads\/2016\/08\/big_27194889_0_576-768.jpg 576w\" sizes=\"auto, (max-width: 225px) 100vw, 225px\" \/><\/figure>\n<\/div>\n\n\n<p><span style=\"color: #000000;\"><\/span><\/p>\n\n\n\n<p>Alle meine B\u00fccher findet ihr jetzt auf meiner <a href=\"http:\/\/retterath.net\" data-type=\"link\" data-id=\"retterath.net\">Homepage<\/a><\/p>\n\n\n\n<p><strong><em><span style=\"color: #000000;\">Chronik meiner Schreiberei und Knipserei<\/span><\/em><\/strong><\/p>\n\n\n\n<p><span style=\"color: #000000;\">Alle lieferbaren Titel k\u00f6nnt ihr <\/span><\/p>\n\n\n\n<ul class=\"wp-block-list\">\n<li><span style=\"color: #000000;\">in jeder Buchhandlung<\/span><\/li>\n\n\n\n<li><span style=\"color: #000000;\">beim jeweiligen Verlag<\/span><\/li>\n\n\n\n<li><span style=\"color: #000000;\">\u00fcber die Autorenwelt <\/span><\/li>\n\n\n\n<li><span style=\"color: #000000;\">oder direkt bei mir bestellen. <\/span><\/li>\n<\/ul>\n\n\n\n<figure class=\"wp-block-image size-full is-style-rounded\"><a href=\"https:\/\/shop.autorenwelt.de\/search?q=Ingrid%20Retterath&amp;hPP=18&amp;idx=shopify_prod_products&amp;p=0&amp;fR%5Bnamed_tags.onix_contrib%5D%5B0%5D=Ingrid%20Retterath&amp;type=product&amp;is_v=1\"><img loading=\"lazy\" decoding=\"async\" width=\"250\" height=\"125\" src=\"http:\/\/fernwehkinder.de\/wp-content\/uploads\/2021\/11\/banner-1e.jpg\" alt=\"\" class=\"wp-image-9707\"\/><\/a><\/figure>\n\n\n\n<p>Wollt ihr uns bei der n\u00e4chsten Recherche unterst\u00fctzen? Dann ladet uns doch einfach auf <a href=\"https:\/\/www.buymeacoffee.com\/ingridrett\">Buy Me a Coffee<\/a> zu einem Tee ein.<\/p>\n\n\n\n<p>2025<\/p>\n\n\n\n<ul class=\"wp-block-list\">\n<li><a href=\"https:\/\/shop.autorenwelt.de\/products\/gluckszeit-fur-familien-eifel-von-ingrid-retterath?variant=54432269664581\">Gl\u00fcckszeit f\u00fcr Familien &#8211; Eifel<\/a>, 1. Auflage<\/li>\n\n\n\n<li><a href=\"https:\/\/shop.autorenwelt.de\/products\/wales-von-ingrid-retterath?variant=53763325952325\">Wales, 31 Touren in den Bergen und an der K\u00fcste<\/a>, 1. Auflage<\/li>\n\n\n\n<li><a href=\"https:\/\/shop.autorenwelt.de\/products\/via-francigena-von-ingrid-retterath?variant=53768901230917\">Via Francigena<\/a>, 4. Auflage<\/li>\n\n\n\n<li><a href=\"https:\/\/shop.autorenwelt.de\/products\/eifel-hofladen-manufakturen-von-ingrid-retterath?variant=54253250347333\">Eifel &#8211; Hofl\u00e4den und Manufakturen<\/a>, 1. Auflage<\/li>\n\n\n\n<li><\/li>\n<\/ul>\n\n\n\n<p>2024<\/p>\n\n\n\n<ul class=\"wp-block-list\">\n<li><a href=\"https:\/\/shop.autorenwelt.de\/products\/britische-inseln-30-wanderungen-die-man-einmal-im-leben-gemacht-haben-muss-von-ingrid-retterath?variant=50147248668997\">Britische Inseln<\/a>. 30 Wanderungen, die man einmal im Leben gemacht haben muss. Von den Shetlands bis Cornwall, 1. Auflage<\/li>\n\n\n\n<li><a href=\"https:\/\/shop.autorenwelt.de\/products\/westerwald-mit-siebengebirge-von-ingrid-retterath?variant=49983676285253\">Westerwald mit Siebengebirge<\/a>. 29 Touren \u00fcber aussichtsreiche H\u00f6hen und durch idyllische T\u00e4ler, 1. Auflage<\/li>\n\n\n\n<li>J<a href=\"https:\/\/shop.autorenwelt.de\/products\/jakobsweg-via-coloniensis-von-ingrid-retterath?variant=50067426050373\">akobsweg Via Coloniensis K\u00f6ln\/Bonn<\/a> &#8211; Trier, 3. Auflage<\/li>\n<\/ul>\n\n\n\n<p>2023<\/p>\n\n\n\n<ul class=\"wp-block-list\">\n<li><a href=\"https:\/\/shop.autorenwelt.de\/products\/schlosser-und-burgen-im-bergischen-land-von-ingrid-retterath?variant=39291447803997\">Schl\u00f6sser und Burgen im Bergischen Land<\/a>, 1. Auflage<\/li>\n\n\n\n<li><a href=\"https:\/\/shop.autorenwelt.de\/products\/eifel-mit-kindern-von-ingrid-retterath?variant=55319810638149\">Eifel mit Kindern<\/a>: Wild. Grenzenlos. Nachhaltig., 5. Auflage<\/li>\n\n\n\n<li><a href=\"http:\/\/fernwehkinder.de\/?p=11113\">K\u00f6ln Bonn &amp; Umgebung mit Kindern<\/a>: Abenteuerlich. Jeck. Nachhaltig.. 1. Auflage<\/li>\n<\/ul>\n\n\n\n<p>2022<\/p>\n\n\n\n<ul id=\"block-c7967824-895c-48df-9a05-ee8a88076bc0\" class=\"wp-block-list\">\n<li><a href=\"https:\/\/shop.autorenwelt.de\/products\/westerwald-wanderungen-fur-die-seele-wohlfuhlwege-von-ingrid-retterath?variant=31122241552477\">Wanderungen f\u00fcr die Seele: Westerwald<\/a>, 2. Auflage<\/li>\n\n\n\n<li><a href=\"https:\/\/shop.autorenwelt.de\/products\/wales-pembrokeshire-coast-path-von-ingrid-retterath?variant=39281743855709\">Wales: Pembrokeshire Coast Path<\/a>, 2. Auflage<\/li>\n\n\n\n<li><a href=\"http:\/\/fernwehkinder.de\/?page_id=10804\" data-type=\"page\" data-id=\"10804\">Via Francigena<\/a>, 3. Auflage<\/li>\n\n\n\n<li><span style=\"color: #000000;\">Fotos f\u00fcr: <a href=\"https:\/\/www.conrad-stein-verlag.de\/buecher-shop\/schottland-west-highland-way\/\">West Highland Way<\/a>, 12. Auflage<\/span><\/li>\n\n\n\n<li><a href=\"https:\/\/shop.autorenwelt.de\/products\/rhein-ahr-erft-wanderungen-fur-die-seele-von-myria-aurora-pribert-und-ingrid-retterath?variant=49898934206789\">Rhein, Ahr, Erft.<\/a> Wanderungen f\u00fcr die Seele, 3. Auflage<\/li>\n<\/ul>\n\n\n\n<p>2021<\/p>\n\n\n\n<ul class=\"wp-block-list\">\n<li><a href=\"https:\/\/shop.autorenwelt.de\/products\/deutschland-frankreich-jakobsweg-trier-vezelay-von-martin-simon?variant=32682794287197\">Jakobsweg Trier &#8211; V\u00e9zelay<\/a>, 3. Auflage<\/li>\n\n\n\n<li><a href=\"https:\/\/shop.autorenwelt.de\/products\/schlosser-und-burgen-im-rheinland-von-ingrid-retterath?variant=39291447738461\">Rheinland &#8211; Schl\u00f6sser und Burgen<\/a>, 1. Auflage<\/li>\n\n\n\n<li><a href=\"https:\/\/shop.autorenwelt.de\/products\/mikroabenteuer-fur-kinder-rund-ums-jahr-bei-jedem-wetter-von-ingrid-retterath?variant=39463145898077\">Mikroabenteuer f\u00fcr Kinder<\/a>, 1. Auflage<\/li>\n\n\n\n<li><a href=\"https:\/\/shop.autorenwelt.de\/products\/eifelsteig-von-aachen-nach-trier-von-ingrid-retterath?variant=49904203465029\">Eifelsteig<\/a>, 3. Auflage<\/li>\n\n\n\n<li><a href=\"https:\/\/shop.autorenwelt.de\/products\/habichtswaldsteig-von-zierenberg-zum-edersee-von-ingrid-retterath?variant=39462977765469\">Habichtswaldsteig<\/a>, 1. Auflage<\/li>\n<\/ul>\n\n\n\n<p>2020<\/p>\n\n\n\n<ul class=\"wp-block-list\">\n<li><a href=\"https:\/\/shop.autorenwelt.de\/products\/schlosser-und-burgen-in-der-eifel-von-ingrid-retterath?variant=32331666227293\">Eifel &#8211; Schl\u00f6sser und Burgen<\/a>, 1. Auflage<\/li>\n\n\n\n<li><a href=\"https:\/\/shop.autorenwelt.de\/products\/rhein-ahr-erft-wanderungen-fur-die-seele-wohlfuhlwege-von-myria-aurora-pribert-ingrid-retterath?variant=15400090632285\">Wanderungen f\u00fcr die Seele: Rhein. Ahr. Erft<\/a>, 2. Auflage<\/li>\n\n\n\n<li><a href=\"https:\/\/shop.autorenwelt.de\/products\/westerwald-wanderungen-fur-die-seele-wohlfuhlwege-von-ingrid-retterath?variant=31122241552477\">Wanderungen f\u00fcr die Seele: Westerwald<\/a>, 1. Auflage<\/li>\n\n\n\n<li><a href=\"http:\/\/fernwehkinder.de\/?p=7321\">Wildpferde und Wasserf\u00e4lle<\/a>, Beitrag in Clever Campen, Ausgabe 2\/2020<\/li>\n\n\n\n<li><a href=\"https:\/\/shop.autorenwelt.de\/products\/jakobsweg-trier-le-puy-von-ingrid-retterath-martin-simon?variant=31487087706205\">Jakobsweg Trier &#8211; Le Puy-en-Velay<\/a>, 3. Auflage<\/li>\n\n\n\n<li><a href=\"https:\/\/shop.autorenwelt.de\/products\/jakobsweg-via-coloniensis-von-koln-nach-trier-von-ingrid-retterath?variant=31487087837277\">Jakobsweg Via Coloniensis von K\u00f6ln nach Trier<\/a>, 2. Auflage<\/li>\n\n\n\n<li>Foto f\u00fcr: <a href=\"https:\/\/www.petermeyerverlag.de\/programm\/reise-freizeit\/ffmk\/\">Frankfurt &amp; Umgebung mit Kindern<\/a>, 6. Auflage<\/li>\n<\/ul>\n\n\n\n<p>2019<\/p>\n\n\n\n<ul class=\"wp-block-list\">\n<li><span style=\"color: #000000;\"><a href=\"https:\/\/shop.autorenwelt.de\/products\/dein-koln-mausschlaue-freizeittipps?variant=32966614351965\">Dein K\u00f6ln &#8211; Mausschlaue Freizeittipps<\/a>, 1. Auflage<\/span><\/li>\n\n\n\n<li><a href=\"https:\/\/shop.autorenwelt.de\/products\/eifel-mit-kindern-300-abwechslungsreiche-allwetter-ausfluge-von-ingrid-retterath?variant=29343908593757\">Eifel mit Kindern<\/a>, 4. Auflage<\/li>\n\n\n\n<li><a href=\"https:\/\/shop.autorenwelt.de\/products\/wales-offa-s-dyke-path-von-ingrid-retterath?variant=15446877601885\">Wales: Offa&#8217;s Dyke Path<\/a>, 3. Auflage<\/li>\n\n\n\n<li><a href=\"https:\/\/shop.autorenwelt.de\/products\/25-wanderungen-eifel-sud-von-ingrid-retterath?variant=51362638022\">Outdoor regional: Eifel S\u00fcd<\/a>, 1. Auflage<\/li>\n\n\n\n<li><a href=\"https:\/\/shop.autorenwelt.de\/products\/rhein-ahr-erft-wanderungen-fur-die-seele-wohlfuhlwege-von-myria-aurora-pribert-ingrid-retterath?variant=15400090632285\">Wanderungen f\u00fcr die Seele: Rhein. Ahr. Erft<\/a>, 1. Auflage<\/li>\n<\/ul>\n\n\n\n<p>2018<\/p>\n\n\n\n<ul class=\"wp-block-list\">\n<li><span style=\"color: #000000;\"><a href=\"https:\/\/shop.autorenwelt.de\/products\/geschichten-und-anekdoten-aus-der-eifel-um-vier-am-haller-von-ingrid-retterath?variant=1404572991494\">Eifel &#8211; Um vier am Haller (Anekdoten und Geschichten)<\/a>, 1. Auflage<\/span><\/li>\n\n\n\n<li><a href=\"http:\/\/fernwehkinder.de\/?page_id=5897\">Dein Bergisches Land &#8211; Mausschlaue Freizeittipps<\/a>, 1. Auflage<\/li>\n\n\n\n<li>Fotos f\u00fcr: <a href=\"https:\/\/www.droste-verlag.de\/buecher\/eifel-radeln-fuer-die-seele\/\">Radeln f\u00fcr die Seele Eifel<\/a>, 1. Auflage<\/li>\n\n\n\n<li>Fotos f\u00fcr: Industriekultur &#8211; Ausfl\u00fcge im Bergischen Land, 1. Auflage (vergriffen)<\/li>\n<\/ul>\n\n\n\n<p>2017<\/p>\n\n\n\n<ul class=\"wp-block-list\">\n<li><span style=\"color: #000000;\"><a href=\"https:\/\/shop.autorenwelt.de\/products\/27-wanderungen-mallorca-von-ingrid-retterath?variant=51601573382\">Outdoor Regional: 27 Wanderungen Mallorca<\/a>, 1. Auflage<\/span><\/li>\n<\/ul>\n\n\n\n<p>2016<\/p>\n\n\n\n<ul class=\"wp-block-list\">\n<li><span style=\"color: #000000;\"><a href=\"http:\/\/fernwehkinder.de\/?page_id=1323\">Weihnachtsgeschichten aus der Eifel<\/a>, 1. Auflage<br><\/span><\/li>\n<\/ul>\n\n\n\n<p><span style=\"color: #000000;\">2015<\/span><\/p>\n\n\n\n<ul class=\"wp-block-list\">\n<li><span style=\"color: #000000;\"><a href=\"https:\/\/shop.autorenwelt.de\/products\/bonifatius-route-von-mainz-nach-fulda-von-ingrid-retterath?variant=51691630086\">Bonifatius-Route von Mainz nach Fulda<\/a>, 2. Auflage&nbsp;<\/span><\/li>\n\n\n\n<li><span style=\"color: #000000;\"><a href=\"https:\/\/shop.autorenwelt.de\/products\/24-wanderungen-eifel-nord-von-ingrid-retterath?variant=51670539654\">Outdoor regional: 24 Wanderungen Eifel Nord<\/a>, 1. Auflage&nbsp;&nbsp;<\/span><\/li>\n\n\n\n<li><span style=\"color: #000000;\"><a style=\"color: #000000;\" href=\"http:\/\/retterath.net\/polyglott-bonn.html\">Polyglott on tour: Bonn Siebengebirge Ahrtal<\/a>, 5. Auflage&nbsp;<\/span><\/li>\n\n\n\n<li><span style=\"color: #000000;\">Fotos f\u00fcr: <a style=\"color: #000000;\" href=\"http:\/\/www.droste-buchverlag.de\/epages\/61503075.sf\/de_DE\/?ObjectPath=\/Shops\/61503075\/Products\/978-3-7700-1520-7\">Die sch\u00f6nsten Schl\u00f6sser und Burgen &#8211; Ausfl\u00fcge in die Eifel<\/a>, 1. Auflage<\/span><\/li>\n\n\n\n<li><a href=\"https:\/\/www.amazon.de\/Deutschland-mit-Kindern-Insidertipps-Freizeitf%C3%BChrer-ebook\/dp\/B01M24BEYG\/ref=sr_1_74?__mk_de_DE=%C3%85M%C3%85%C5%BD%C3%95%C3%91&amp;crid=2ZAAHFU3ODLKN&amp;dib=eyJ2IjoiMSJ9.ArPfB3aUk9nzUSptfSEs2ZGoYQ627WOpmfKf6G4sf-yw5x_mPHucVVuQf0kOO8Hv8xs2--vhmF6hGAWIy39ScV9BO4G0bCe_s1YQN_KEFpwjUksWyks1TjYPHwuRdX-kBXanCEEiZ1moAHWbqiGY3ewXZy16z-AJ-TV698iQIqVv-7umekuSvEOr4TMVoFQTEWS_bYEkzUMsWQ0Dy5tcVLm40SVf7DW0IGLx2QKurTc.2Cxaqz_EajnzE4qVQIxQt3wGjZFHmLsWVkoqEgjZ5Uw&amp;dib_tag=se&amp;keywords=ingrid+Retterath&amp;qid=1756642324&amp;sprefix=ingrid+retterath%2Caps%2C91&amp;sr=8-74&amp;xpid=opJoaUQaw_SzK\">Deutschland mit Kindern: 33 Insidertipps der pmv-Autoren<\/a> (Freizeitf\u00fchrer mit Kindern), eBook<\/li>\n<\/ul>\n\n\n\n<p><span style=\"color: #000000;\">2014<\/span><\/p>\n\n\n\n<ul class=\"wp-block-list\">\n<li><span style=\"color: #000000;\"><a style=\"color: #000000;\" href=\"http:\/\/retterath.net\/jakobsweg-trier-puy.html\">Jakobsweg&nbsp;<\/a>Trier &#8211; Le Puy, 2. Auflage<\/span><\/li>\n\n\n\n<li><span style=\"color: #000000;\"><a style=\"color: #000000;\" href=\"http:\/\/retterath.net\/jakobsweg-trier-puy.html\">Jakobsweg<\/a>&nbsp;K\u00f6ln &#8211; Trier (Via Coloniensis), 1. Auflage<\/span><\/li>\n\n\n\n<li><span style=\"color: #000000;\">Eifel&nbsp;Erlebniswanderungen zu heimischen Pilgerorten, 1. Auflage<\/span><\/li>\n\n\n\n<li><span style=\"color: #000000;\">Eifel Wandern Radfahren erleben (mit Erich Koprovski), 1. Auflage<\/span><\/li>\n<\/ul>\n\n\n\n<p><span style=\"color: #000000;\">2013<\/span><\/p>\n\n\n\n<ul class=\"wp-block-list\">\n<li><span style=\"color: #000000;\"><a href=\"https:\/\/shop.autorenwelt.de\/products\/italien-trans-apennin-via-degli-dei-gotterweg-von-ingrid-retterath?variant=51573095878\">Trans Apennin &#8211; Via Degli Dei &#8211; G\u00f6tterweg<\/a>, 1. Auflage<\/span><\/li>\n\n\n\n<li><span style=\"color: #000000;\"><a style=\"color: #000000;\" href=\"http:\/\/www.verlagsgruppe.de\/produktdetails\/product\/retterath-ingrid-kleines-bonn-abc.html\">Kleines Bonn-ABC<\/a>, 1. Auflage<\/span><\/li>\n\n\n\n<li><span style=\"color: #000000;\"><a style=\"color: #000000;\" href=\"http:\/\/retterath.net\/jakobsweg-trier-puy.html\">Jakobsweg<\/a>&nbsp;Trier &#8211; Vezelay, 1. Auflage<\/span><\/li>\n<\/ul>\n\n\n\n<p><span style=\"color: #000000;\">2012<\/span><\/p>\n\n\n\n<ul class=\"wp-block-list\">\n<li><span style=\"color: #000000;\"><a style=\"color: #000000;\" href=\"http:\/\/retterath.net\/pilgern-um-koeln-bonn.html\">K\u00f6ln\/Bonn<\/a> Erlebniswanderungen zu heimischen Pilgerorten, 1. Auflage<\/span><\/li>\n\n\n\n<li><span style=\"color: #000000;\"><a style=\"color: #000000;\" href=\"http:\/\/retterath.net\/polyglott-bonn.html\">Polyglott on tour: Bonn Siebengebirge Ahrtal<\/a>, 4. Auflage<\/span><\/li>\n\n\n\n<li><span style=\"color: #000000;\"><a href=\"https:\/\/shop.autorenwelt.de\/products\/rheinland-mit-kindern-uber-500-aktivitaten-und-ausfluge-bei-jedem-wetter-in-und-um-dusseldorf-koln-bonn-von-ingrid-retterath?variant=51565501446\">Rheinland mit Kindern<\/a>, 3. Auflage<\/span><\/li>\n\n\n\n<li><span style=\"color: #000000;\"><a style=\"color: #000000;\" href=\"http:\/\/retterath.net\/eifel.html\">Eifel mit Kindern<\/a>, 3. Auflage<\/span><\/li>\n\n\n\n<li><span style=\"color: #000000;\"><a style=\"color: #000000;\" href=\"http:\/\/retterath.net\/soonwaldsteig.html\">Soonwaldsteig<\/a>, 1. Auflage<\/span><\/li>\n<\/ul>\n\n\n\n<p><span style=\"color: #000000;\">2011<\/span><\/p>\n\n\n\n<ul class=\"wp-block-list\">\n<li><span style=\"color: #000000;\"><a style=\"color: #000000;\" href=\"http:\/\/retterath.net\/kleines-koeln-abc.html\">Kleines K\u00f6ln-ABC<\/a>, 1. Auflage<\/span><\/li>\n\n\n\n<li><span style=\"color: #000000;\"><a style=\"color: #000000;\" href=\"http:\/\/retterath.net\/kleines-eifel-abc.html\">Kleines Eifel-ABC<\/a>, 1. Auflage<\/span><\/li>\n\n\n\n<li><span style=\"color: #000000;\"><a style=\"color: #000000;\" href=\"http:\/\/retterath.net\/via-francigena.html\">Via Francigena<\/a> von Lausanne nach Rom, 1. Auflage<\/span><\/li>\n\n\n\n<li><span style=\"color: #000000;\"><a style=\"color: #000000;\" href=\"http:\/\/retterath.net\/pembrokeshire-coast.html\">Pembrokeshire Coast Path<\/a>, 1. Auflage<\/span><\/li>\n\n\n\n<li><span style=\"color: #000000;\">Gesund und fit Natur genie\u00dfen, Kytta-Geschenkb\u00fcchlein, 1. Auflage<\/span><\/li>\n\n\n\n<li><span style=\"color: #000000;\">Fotos f\u00fcr: <a style=\"color: #000000;\" href=\"https:\/\/www.conrad-stein-verlag.de\/p\/verlag\/show_book.html?isbn=978-3-86686-043-8&amp;edition=4&amp;t=1472224075507\">Speyside Way\/Whisky Trail<\/a>, 4. Auflage<\/span><\/li>\n<\/ul>\n\n\n\n<p><span style=\"color: #000000;\">&nbsp;2010<\/span><\/p>\n\n\n\n<ul class=\"wp-block-list\">\n<li><span style=\"color: #000000;\"><a style=\"color: #000000;\" href=\"http:\/\/retterath.net\/eifelsteig.html\">Eifelsteig<\/a>, 2. Auflage<\/span><\/li>\n\n\n\n<li><span style=\"color: #000000;\"><a style=\"color: #000000;\" href=\"http:\/\/retterath.net\/bonifatius-route.html\">Bonifatius-Route<\/a>, 1. Auflage<\/span><\/li>\n\n\n\n<li><span style=\"color: #000000;\"><a style=\"color: #000000;\" href=\"http:\/\/retterath.net\/donausteig.html\">Donausteig<\/a>, 1. Auflage<\/span><\/li>\n<\/ul>\n\n\n\n<p><span style=\"color: #000000;\">&nbsp;2009<\/span><\/p>\n\n\n\n<ul class=\"wp-block-list\">\n<li><span style=\"color: #000000;\"><a style=\"color: #000000;\" href=\"http:\/\/retterath.net\/tunesien-1.html\">Tunesien <\/a>(mit Ursel Eckert), 7. Auflage<\/span><\/li>\n\n\n\n<li><span style=\"color: #000000;\"><a style=\"color: #000000;\" href=\"http:\/\/retterath.net\/jakobsweg-trier-puy.html\">Jakobsweg <\/a>Trier &#8211; Le Puy, 1. Auflage<\/span><\/li>\n\n\n\n<li><span style=\"color: #000000;\"><a style=\"color: #000000;\" href=\"http:\/\/retterath.net\/eifel.html\">Eifel mit Kindern<\/a>, 2. Auflage<\/span><\/li>\n\n\n\n<li><span style=\"color: #000000;\"><a style=\"color: #000000;\" href=\"http:\/\/retterath.net\/polyglott-bonn.html\">Polyglott on tour: Bonn Siebengebirge Ahrtal<\/a>, 3. Auflage<\/span><\/li>\n\n\n\n<li><span style=\"color: #000000;\">Fotos f\u00fcr: <a style=\"color: #000000;\" href=\"https:\/\/www.conrad-stein-verlag.de\/p\/verlag\/show_book.html?isbn=978-3-86686-478-8&amp;edition=12&amp;t=1472224119496\">Basiswissen f\u00fcr drau\u00dfen &#8211; Karte Kompass GPS<\/a>, 8. Auflage<\/span><\/li>\n<\/ul>\n\n\n\n<p><span style=\"color: #000000;\">2008<\/span><\/p>\n\n\n\n<ul class=\"wp-block-list\">\n<li><span style=\"color: #000000;\"><a style=\"color: #000000;\" href=\"http:\/\/retterath.net\/roemerkanal-wanderweg.html\">R\u00f6merkanal-Wanderweg<\/a>, 1. Auflage<\/span><\/li>\n\n\n\n<li><span style=\"color: #000000;\"><a style=\"color: #000000;\" href=\"http:\/\/retterath.net\/rheinland.html\">Rheinland mit Kindern<\/a>, 2. Auflage<\/span><\/li>\n\n\n\n<li><span style=\"color: #000000;\"><a style=\"color: #000000;\" href=\"http:\/\/retterath.net\/eifelsteig.html\">Eifelsteig<\/a>, 1. Auflage<\/span><\/li>\n\n\n\n<li><span style=\"color: #000000;\"><a style=\"color: #000000;\" href=\"http:\/\/retterath.net\/polyglott-bonn.html\">Polyglott on tour: Bonn Siebengebirge Ahrtal<\/a>, 2. Auflage<\/span><\/li>\n\n\n\n<li><span style=\"color: #000000;\">Fotos f\u00fcr: <a style=\"color: #000000;\" href=\"https:\/\/www.conrad-stein-verlag.de\/p\/verlag\/show_book.html?isbn=978-3-86686-191-6&amp;edition=2&amp;t=1472224152559\">Western Highlands<\/a>, 1. Auflage<\/span><\/li>\n\n\n\n<li><span style=\"color: #000000;\">Fotos f\u00fcr: <a href=\"https:\/\/www.conrad-stein-verlag.de\/buecher-shop\/schottland-west-highland-way\/\">West Highland Way<\/a>, 5. Auflage<\/span><\/li>\n\n\n\n<li><span style=\"color: #000000;\">Fotos f\u00fcr: <a style=\"color: #000000;\" href=\"https:\/\/www.conrad-stein-verlag.de\/p\/verlag\/show_book.html?isbn=978-3-86686-478-8&amp;edition=12&amp;t=1472224119496\">Basiswissen f\u00fcr drau\u00dfen &#8211; Karte Kompass GPS<\/a>, 7. Auflage<\/span><\/li>\n<\/ul>\n\n\n\n<p><span style=\"color: #000000;\">2007<\/span><\/p>\n\n\n\n<ul class=\"wp-block-list\">\n<li><span style=\"color: #000000;\"><a style=\"color: #000000;\" href=\"http:\/\/retterath.net\/djerba-zarzis.html\">Insel Djerba &amp; Zarzis<\/a>, 1. Auflage<\/span><\/li>\n\n\n\n<li><span style=\"color: #000000;\"><a style=\"color: #000000;\" href=\"http:\/\/retterath.net\/offa-s-dyke-path.html\">Offa&#8217;s Dyke Path<\/a>, 2. Auflage<\/span><\/li>\n\n\n\n<li><span style=\"color: #000000;\"><a style=\"color: #000000;\" href=\"http:\/\/retterath.net\/tunesien-1.html\">Tunesien <\/a>(mit Ursel Eckert), 6. Auflage<\/span><\/li>\n\n\n\n<li><span style=\"color: #000000;\"><a style=\"color: #000000;\" href=\"http:\/\/retterath.net\/polyglott-bonn.html\">Polyglott on tour: Bonn Siebengebirge Ahrtal<\/a>, 1. Auflage<\/span><\/li>\n\n\n\n<li><span style=\"color: #000000;\">Fotos f\u00fcr: <a style=\"color: #000000;\" href=\"https:\/\/www.conrad-stein-verlag.de\/p\/verlag\/show_book.html?isbn=978-3-86686-190-9&amp;edition=2&amp;t=1472224152548\">Central Highlands &amp; Cairngorms National Park<\/a>, 1. Auflage<\/span><\/li>\n<\/ul>\n\n\n\n<p><span style=\"color: #000000;\">2006<\/span><\/p>\n\n\n\n<ul class=\"wp-block-list\">\n<li><span style=\"color: #000000;\"><a style=\"color: #000000;\" href=\"http:\/\/retterath.net\/bergisches-land.html\">Bergisches Land mit Kindern<\/a>, 1. Auflage<\/span><\/li>\n\n\n\n<li><span style=\"color: #000000;\"><a style=\"color: #000000;\" href=\"https:\/\/www.amazon.de\/Polyglott-tour-Eifel-mit-Flipmap\/dp\/3493566298\">Polyglott on tour: Eifel<\/a>, 1. Auflage<\/span><\/li>\n\n\n\n<li><span style=\"color: #000000;\">Foto f\u00fcr: <a style=\"color: #000000;\" href=\"https:\/\/www.conrad-stein-verlag.de\/p\/verlag\/show_book.html?isbn=978-3-86686-048-3&amp;edition=2&amp;t=1472224290940\">Basiswissen f\u00fcr drau\u00dfen &#8211; F\u00fcr Frauen<\/a>, 2. Auflage<\/span><\/li>\n<\/ul>\n\n\n\n<p><span style=\"color: #000000;\">2005<\/span><\/p>\n\n\n\n<ul class=\"wp-block-list\">\n<li><span style=\"color: #000000;\"><a style=\"color: #000000;\" href=\"http:\/\/retterath.net\/rheinland.html\">Rheinland mit Kindern<\/a>, 1. Auflage<\/span><\/li>\n\n\n\n<li>Mitarbeit an: Tunesien, Reisekarte, 2. Auflage<\/li>\n<\/ul>\n\n\n\n<p><span style=\"color: #000000;\">2004<\/span><\/p>\n\n\n\n<ul class=\"wp-block-list\">\n<li><span style=\"color: #000000;\"><a style=\"color: #000000;\" href=\"http:\/\/retterath.net\/eifel.html\">Eifel mit Kindern<\/a>, 1. Auflage&nbsp;<\/span><\/li>\n\n\n\n<li><span style=\"color: #000000;\"><a style=\"color: #000000;\" href=\"http:\/\/retterath.net\/tunesien-1.html\">Tunesien&nbsp;<\/a>(mit Ursel Eckert), 5. Auflage<\/span><\/li>\n<\/ul>\n\n\n\n<p><span style=\"color: #000000;\">2002<\/span><\/p>\n\n\n\n<ul class=\"wp-block-list\">\n<li><span style=\"color: #000000;\">&nbsp;&#8222;Die Kontinuit\u00e4t der Ver\u00e4nderung&#8220;, Gedicht in der Anthologie <a style=\"color: #000000;\" href=\"http:\/\/www.gedichte-bibliothek.de\/pages\/publikationen\/anthologien\/ausgewaehlte-werke-v--2002.php\">Ausgew\u00e4hlte Werke V<\/a><\/span><\/li>\n<\/ul>\n\n\n\n<p><span style=\"color: #000000;\">2001<\/span><\/p>\n\n\n\n<ul class=\"wp-block-list\">\n<li><span style=\"color: #000000;\"><a style=\"color: #000000;\" href=\"http:\/\/retterath.net\/offa-s-dyke-path.html\">Offa&#8217;s Dyke Path<\/a>, 1. Auflage<\/span><\/li>\n\n\n\n<li><span style=\"color: #000000;\"><a style=\"color: #000000;\" href=\"http:\/\/retterath.net\/tunesien-1.html\">Tunesien <\/a>(mit Ursel Eckert), 4. Auflage<\/span><\/li>\n\n\n\n<li><span style=\"color: #000000;\"><a style=\"color: #000000;\" href=\"https:\/\/www.amazon.de\/Tunesiens-K%C3%BCste-Ausflugsziele-Reise-Know\/dp\/3896620762\">Tunesiens K\u00fcste &amp; Ausflugsziele<\/a> (mit Ursel Eckert), 3. Auflage<\/span><\/li>\n\n\n\n<li>Mitarbeit an: Tunesien, Reisekarte 1:850.000, 1. Auflage<\/li>\n\n\n\n<li><span style=\"color: #000000;\">&#8222;Trauzeuge dringend gesucht&#8220;, Reisebericht in: Lockende Ferne, Geschichten aus aller Welt, Anthologie im pmv Peter Meyer Verlag<\/span><\/li>\n<\/ul>\n\n\n\n<p><span style=\"color: #000000;\">2000<\/span><\/p>\n\n\n\n<ul class=\"wp-block-list\">\n<li><span style=\"color: #000000;\">&#8222;Mein Traumhaus&#8220;, Gedicht in der Anthologie <a style=\"color: #000000;\" href=\"http:\/\/www.gedichte-bibliothek.de\/pages\/publikationen\/anthologien\/ausgewaehlte-werke-iii--2000.php\">Ausgew\u00e4hlte Werke III<\/a><\/span><\/li>\n<\/ul>\n\n\n\n<p><span style=\"color: #000000;\">1997<\/span><\/p>\n\n\n\n<ul class=\"wp-block-list\">\n<li><span style=\"color: #000000;\">Ein ewig langer Leserbrief zum <a style=\"color: #000000;\" href=\"https:\/\/velbinger.com\/shop\/wales\/\">Wales<\/a>f\u00fchrer von Franz Rappel an den Verleger Martin Velbinger und die darauffolgende namentliche Erw\u00e4hnung in der Folgeauflage war &#8211; r\u00fcckschauend betrachtet &#8211; der Startschuss zur Reisef\u00fchrer-Schreiberei<\/span><\/li>\n<\/ul>\n\n\n\n<p><span style=\"color: #000000;\">*Werbung durch Produktnennung*<\/span><\/p>\n","protected":false},"excerpt":{"rendered":"<p>Alle meine B\u00fccher findet ihr jetzt auf meiner Homepage Chronik meiner Schreiberei und Knipserei Alle lieferbaren Titel k\u00f6nnt ihr Wollt ihr uns bei&#8230;<\/p>\n","protected":false},"author":1,"featured_media":799,"parent":0,"menu_order":0,"comment_status":"open","ping_status":"closed","template":"","meta":{"jetpack_post_was_ever_published":false,"footnotes":""},"class_list":["post-751","page","type-page","status-publish","has-post-thumbnail","hentry"],"jetpack_sharing_enabled":true,"jetpack-related-posts":[],"jetpack_likes_enabled":true,"_links":{"self":[{"href":"https:\/\/fernwehkinder.de\/index.php?rest_route=\/wp\/v2\/pages\/751","targetHints":{"allow":["GET"]}}],"collection":[{"href":"https:\/\/fernwehkinder.de\/index.php?rest_route=\/wp\/v2\/pages"}],"about":[{"href":"https:\/\/fernwehkinder.de\/index.php?rest_route=\/wp\/v2\/types\/page"}],"author":[{"embeddable":true,"href":"https:\/\/fernwehkinder.de\/index.php?rest_route=\/wp\/v2\/users\/1"}],"replies":[{"embeddable":true,"href":"https:\/\/fernwehkinder.de\/index.php?rest_route=%2Fwp%2Fv2%2Fcomments&post=751"}],"version-history":[{"count":22,"href":"https:\/\/fernwehkinder.de\/index.php?rest_route=\/wp\/v2\/pages\/751\/revisions"}],"predecessor-version":[{"id":11667,"href":"https:\/\/fernwehkinder.de\/index.php?rest_route=\/wp\/v2\/pages\/751\/revisions\/11667"}],"wp:featuredmedia":[{"embeddable":true,"href":"https:\/\/fernwehkinder.de\/index.php?rest_route=\/wp\/v2\/media\/799"}],"wp:attachment":[{"href":"https:\/\/fernwehkinder.de\/index.php?rest_route=%2Fwp%2Fv2%2Fmedia&parent=751"}],"curies":[{"name":"wp","href":"https:\/\/api.w.org\/{rel}","templated":true}]}}